{"id":1187,"date":"2020-07-10T17:16:07","date_gmt":"2020-07-10T17:16:07","guid":{"rendered":"https:\/\/ciadelapraka.com\/agenda\/"},"modified":"2025-08-01T09:07:59","modified_gmt":"2025-08-01T09:07:59","slug":"agenda","status":"publish","type":"page","link":"https:\/\/ciadelapraka.com\/fr\/agenda\/","title":{"rendered":"Agenda"},"content":{"rendered":"<div class=\"wpb-content-wrapper\">[vc_row row_height_percent=\u00a0\u00bb0&Prime; overlay_alpha=\u00a0\u00bb50&Prime; gutter_size=\u00a0\u00bb3&Prime; column_width_percent=\u00a0\u00bb100&Prime; shift_y=\u00a0\u00bb0&Prime; z_index=\u00a0\u00bb0&Prime; row_name=\u00a0\u00bbagenda\u00a0\u00bb][vc_column width=\u00a0\u00bb1\/1&Prime;][vc_column_text uncode_shortcode_id=\u00a0\u00bb808082&Prime;]\r\n<h2>Tournn\u00e9 Maiador 2025:<\/h2>\r\n<strong>12\/02<\/strong> &#8211; Festival Balu\u00ea &#8211; Recife (BR)\r\n\r\n<strong>12\/04<\/strong> &#8211; F\u00eate des Tulipes &#8211; Saint Denis (93) (FR)\r\n\r\n<strong>25\/04<\/strong> &#8211; Festival ENRE9 &#8211; L\u00e9rida (ES)\r\n\r\n<strong>17\/05 &#8211;<\/strong><span class=\"Apple-converted-space\">\u00a0 <\/span>Ville de Jouy-le-Moutier &#8211; Jouy-le-Moutier (95) (FR)\r\n\r\n<strong>28 et 29\/05<\/strong> &#8211; Festival L\u2019Humour des Notes &#8211; Hagueneau (67) (FR)\r\n\r\n<strong>06 au 08\/06<\/strong> &#8211; Festival Parade(s) &#8211; Nanterre (92) (FR)\r\n\r\n<strong>20 au 22\/06<\/strong> &#8211; Festival Le Mans fait son Cirque &#8211; Le Mans (72) (FR)\r\n\r\n<strong>28\/06<\/strong> &#8211; Association Tinta\u2019mars &#8211; Langres (52) (FR)\r\n\r\n<strong>02\/07<\/strong> &#8211; Ville de Villiers-le-bel &#8211; Villiers-le Bel (95) (FR)\r\n\r\n<strong>05 et 06\/07<\/strong> &#8211; Festival FERUS &#8211; Charlieu (42) (FR)\r\n\r\n<strong>19 et 20\/07<\/strong> &#8211; Festival R\u00e9surgence &#8211; Lod\u00e8ve (34) (FR)\r\n\r\n<strong>22 et 23\/07<\/strong> &#8211; Festival Cirque d\u2019\u00e9t\u00e9 &#8211; Niort (79) (FR)\r\n\r\n<strong>24 et 25\/07<\/strong> &#8211; Renc\u2019Arts &#8211; Dinan (22) (FR)\r\n\r\n<strong>09 et 10\/08<\/strong> &#8211; Le Castrum &#8211; Yverdon-les Bains (CH)\r\n\r\n<strong>16 et 17\/08<\/strong> &#8211; Les Utopiques &#8211; Rochesson (88) (FR)\r\n\r\n<strong>24\/08<\/strong> &#8211; Au Bonheur des M\u00f4mes &#8211; Le Grand-Bornand (74) (FR)\r\n\r\n<strong>27\/08<\/strong> &#8211; Ville de Lons-le-Saunier &#8211; Lons-le-Saunier (39) (FR)\r\n\r\n<strong>20\/09<\/strong> &#8211; Encore Les Beaux Jours &#8211; Paris (75) (FR)\r\n<h2>Tournn\u00e9 2024:<\/h2>\r\n<p class=\"yiv1904206360gmail-western\" align=\"left\"><strong><span style=\"color: #303133;\"><span style=\"font-family: Arial, serif;\"><span lang=\"fr-FR\"><b>8,11 et 14 Mai \u2013 <\/b><\/span><\/span><\/span><\/strong><span style=\"color: #303133;\"><span style=\"font-family: Arial, serif;\"><span lang=\"fr-FR\">NOIS UM \u2013 M\u00e9tis\u2019Gwa \u2013 Guadeloupe.<\/span><\/span><\/span><\/p>\r\n<p class=\"yiv1904206360gmail-western\" align=\"left\"><strong><span style=\"color: #303133;\"><span style=\"font-family: Arial, serif;\"><span lang=\"fr-FR\"><b>28 Mai \u2013 <\/b><\/span><\/span><\/span><\/strong><span style=\"color: #303133;\"><span style=\"font-family: Arial, serif;\"><span lang=\"fr-FR\">MAIADOR &#8211; <\/span><\/span><\/span><span style=\"color: #303133;\"><span style=\"font-family: Arial, serif;\"><span lang=\"fr-FR\">CHU Toulouse &#8211; Toulouse, France<\/span><\/span><\/span><\/p>\r\n<p class=\"yiv1904206360gmail-western\" align=\"left\"><strong><span style=\"color: #303133;\"><span style=\"font-family: Arial, serif;\"><span lang=\"fr-FR\"><b>9 Juin \u2013 <\/b><\/span><\/span><\/span><\/strong><span style=\"color: #303133;\"><span style=\"font-family: Arial, serif;\"><span lang=\"fr-FR\">MAIADOR &#8211; <\/span><\/span><\/span><span style=\"color: #303133;\"><span style=\"font-family: Arial, serif;\"><span lang=\"fr-FR\">Festival Artjoyette &#8211; Saint Varent, France<\/span><\/span><\/span><\/p>\r\n<p class=\"yiv1904206360gmail-western\" align=\"left\"><strong><span style=\"color: #303133;\"><span style=\"font-family: Arial, serif;\"><span lang=\"fr-FR\"><b>15 et 16 Juin &#8211; <\/b><\/span><\/span><\/span><\/strong><span style=\"color: #303133;\"><span style=\"font-family: Arial, serif;\"><span lang=\"fr-FR\">MAIADOR<\/span><\/span><\/span><strong><span style=\"color: #303133;\"><span style=\"font-family: Arial, serif;\"><span lang=\"fr-FR\"><b> &#8211; <\/b><\/span><\/span><\/span><\/strong><span style=\"color: #303133;\"><span style=\"font-family: Arial, serif;\"><span lang=\"fr-FR\">Circusbende op Straat \u2013 Amsterdam, Holland<\/span><\/span><\/span><\/p>\r\n<p class=\"yiv1904206360gmail-western\" align=\"left\"><strong><span style=\"color: #303133;\"><span style=\"font-family: Arial, serif;\"><span lang=\"fr-FR\"><b>22 et 23 Juin &#8211; <\/b><\/span><\/span><\/span><\/strong><span style=\"color: #303133;\"><span style=\"font-family: Arial, serif;\"><span lang=\"fr-FR\">NOIS UM <\/span><\/span><\/span><strong><span style=\"color: #303133;\"><span style=\"font-family: Arial, serif;\"><span lang=\"fr-FR\"><b>\u2013<\/b><\/span><\/span><\/span><\/strong><span style=\"color: #303133;\"><span style=\"font-family: Arial, serif;\"><span lang=\"fr-FR\"> Roots fest- Amsterdam<\/span><\/span><\/span><\/p>\r\n<p class=\"yiv1904206360gmail-western\" align=\"left\"><strong><span style=\"color: #303133;\"><span style=\"font-family: Arial, serif;\"><span lang=\"fr-FR\"><b>29 <\/b><\/span><\/span><\/span><\/strong><strong><span style=\"color: #303133;\"><span style=\"font-family: Arial, serif;\"><span lang=\"fr-FR\"><b>et <\/b><\/span><\/span><\/span><\/strong><strong><span style=\"color: #303133;\"><span style=\"font-family: Arial, serif;\"><span lang=\"fr-FR\"><b>30 Juin \u2013 <\/b><\/span><\/span><\/span><\/strong><span style=\"color: #303133;\"><span style=\"font-family: Arial, serif;\"><span lang=\"fr-FR\">MAIADOR &#8211; <\/span><\/span><\/span><span style=\"color: #303133;\"><span style=\"font-family: Arial, serif;\"><span lang=\"fr-FR\">Festival Trengo- Porto, Portugal<\/span><\/span><\/span><\/p>\r\n<p class=\"yiv1904206360gmail-western\" align=\"left\"><strong><span style=\"color: #303133;\"><span style=\"font-family: Arial, serif;\"><span lang=\"fr-FR\"><b>6,7 Juillet \u2013<\/b><\/span><\/span><\/span><\/strong><span style=\"color: #303133;\"><span style=\"font-family: Arial, serif;\"><span lang=\"fr-FR\">MAIADOR &#8211; <\/span><\/span><\/span><span style=\"color: #303133;\"><span style=\"font-family: Arial, serif;\"><span lang=\"fr-FR\">Festival Stupor Circus &#8211; Pesaro, Italie<\/span><\/span><\/span><\/p>\r\n<p class=\"yiv1904206360gmail-western\" align=\"left\"><strong><span style=\"color: #303133;\"><span style=\"font-family: Arial, serif;\"><span lang=\"fr-FR\"><b>10-13 Juillet \u2013<\/b><\/span><\/span><\/span><\/strong> <span style=\"color: #303133;\"><span style=\"font-family: Arial, serif;\"><span lang=\"fr-FR\">MAIADOR &#8211; <\/span><\/span><\/span><span style=\"color: #303133;\"><span style=\"font-family: Arial, serif;\"><span lang=\"fr-FR\">Off Chalon dans la rue &#8211; Chalon-sur-Sa\u00f4ne, France<\/span><\/span><\/span><\/p>\r\n<p class=\"yiv1904206360gmail-western\" align=\"left\"><strong><span style=\"color: #303133;\"><span style=\"font-family: Arial, serif;\"><span lang=\"fr-FR\"><b>20 Juillet \u2013 <\/b><\/span><\/span><\/span><\/strong><span style=\"color: #303133;\"><span style=\"font-family: Arial, serif;\"><span lang=\"fr-FR\">MAIADOR &#8211; Arts en F\u00eate \u2013 Saix, France<\/span><\/span><\/span><\/p>\r\n<p class=\"yiv1904206360gmail-western\" align=\"left\"><strong><span style=\"color: #303133;\"><span style=\"font-family: Arial, serif;\"><span lang=\"fr-FR\"><b>22-25 Ao\u00fbt &#8211;<\/b><\/span><\/span><\/span><\/strong> <span style=\"color: #303133;\"><span style=\"font-family: Arial, serif;\"><span lang=\"fr-FR\">MAIADOR &#8211; <\/span><\/span><\/span><span style=\"color: #303133;\"><span style=\"font-family: Arial, serif;\"><span lang=\"fr-FR\">Circus Fever! &#8211; Venice, Ita<\/span><\/span><\/span><span style=\"color: #303133;\"><span style=\"font-family: Arial, serif;\"><span lang=\"fr-FR\">l<\/span><\/span><\/span><span style=\"color: #303133;\"><span style=\"font-family: Arial, serif;\"><span lang=\"fr-FR\">ie<\/span><\/span><\/span><\/p>\r\n<p align=\"left\"><strong>31 Ao\u00fbt<\/strong> &#8211; MAIADOR &#8211; Pirineos en danza- Espagne<\/p>\r\n<p class=\"yiv1904206360gmail-western\" align=\"left\"><strong><span style=\"color: #303133;\"><span style=\"font-family: Arial, serif;\"><span lang=\"fr-FR\"><b>14 septembre \u2013<\/b><\/span><\/span><\/span><\/strong><span style=\"color: #303133;\"><span style=\"font-family: Arial, serif;\"><span lang=\"fr-FR\"> NOIS UM &#8211; La Brique Rouge- Toulouse, France<\/span><\/span><\/span><\/p>\r\n<p class=\"yiv1904206360gmail-western\" align=\"left\"><strong><span style=\"color: #303133;\"><span style=\"font-family: Arial, serif;\"><span lang=\"fr-FR\"><b>18 octobre \u2013 <\/b><\/span><\/span><\/span><\/strong><span style=\"color: #303133;\"><span style=\"font-family: Arial, serif;\"><span lang=\"fr-FR\">MAIADOR- Circarte \u2013 <\/span><\/span><\/span><span style=\"color: #303133;\"><span style=\"font-family: Arial, serif;\"><span lang=\"fr-FR\">Alicante, Espagne<\/span><\/span><\/span><\/p>\r\n\r\n<h2>Tournn\u00e9 2023:<\/h2>\r\n<strong>9 Avril- <\/strong>MAIADOR &#8211; Serra Grande, BA, Br\u00e9sil\r\n\r\n<strong>15 Avril &#8211; <\/strong>SESC Sorocaba &#8211; MAIADOR &#8211; S\u00e3o Paulo, Br\u00e9sil\r\n\r\n<strong>22 Avril &#8211; <\/strong>SESC Campinas &#8211; MAIADOR &#8211; S\u00e3o Paulo, Br\u00e9sil\r\n\r\n<strong>23 Avril &#8211; <\/strong>SESC Santo Amaro &#8211; MAIADOR &#8211; S\u00e3o Paulo, Br\u00e9sil\r\n<p class=\"p3\"><span class=\"s1\"><b>5,6,7 Mai \u2013 <\/b>Festival Artincirco- MAIADOR &#8211; Bologna, Italie<\/span><\/p>\r\n<p class=\"p3\"><span class=\"s1\"><b>27,28 Mai \u2013 <\/b>Festival SBAAM \u2013 MAIADOR \u2013 Casatenovo, Italie<\/span><\/p>\r\n<p class=\"p3\"><span class=\"s1\"><b>1,2,3 Juin \u2013 <\/b>Festival Monte au Banc \u2013 MAIADOR &#8211; Montauban- France<\/span><\/p>\r\n<p class=\"p3\"><span class=\"s1\"><b>10, 11 Juin \u2013 <\/b>Festival Plus Qu`ile \u2013 MAIADOR -Bienne , Suisse<\/span><\/p>\r\n<strong>19 au 25 Juin &#8211; <\/strong>La Maurine &#8211; Residence de creation Balaio &#8211; Lupiac, France\r\n\r\n<strong>27 de juin au 2 Julliet &#8211; <\/strong>Residence de creation Balaio &#8211; Toulouse, France\r\n<p class=\"p3\"><span class=\"s1\"><b>7 Juillet &#8211; <\/b>Festival Les Embarqu\u00e9s \u2013 MAIADOR -Seine-Eure, France<\/span><\/p>\r\n<p class=\"p3\"><span class=\"s1\"><b>8, 9 Juillet \u2013 <\/b>Festival Sur les chemins du phare \u2013 MAIADOR &#8211; Ste Marguerite sur Mer, France<\/span><\/p>\r\n<p class=\"p3\"><span class=\"s1\"><b>14 Juillet \u2013 <\/b>MAIADOR \u2013 Mainvilliers \u2013 FRANCE<\/span><\/p>\r\n<p class=\"p3\"><span class=\"s1\"><b>23 Juillet \u2013 <\/b>\u00c9t\u00e9 Vagabonde -MAIADOR- Carmaux , France<\/span><\/p>\r\n<strong>4 au 8 A\u00f4ut &#8211; <\/strong>La Granerie &#8211; Residence de creation Balaio &#8211; Toulose , France\r\n<p class=\"p3\"><span class=\"s1\"><b>12, 13 A\u00f4ut \u2013 <\/b>La Rue Bucolique -MAIADOR -La Hague, France<\/span><\/p>\r\n<p class=\"p3\"><span class=\"s1\"><b>26 A\u00f4ut \u2013 <\/b>Festival Morse \u2013 MAIADOR \u2013 Couffouleux, France<\/span><\/p>\r\n<p class=\"p3\"><span class=\"s1\"><b>1,2,3 Septembre &#8211; <\/b>Zurich Theaterpektakel \u2013 MAIADOR , Zurich, Suisse.<\/span><\/p>\r\n<p class=\"p3\"><span class=\"s1\"><b>10 Septembre &#8211; <\/b>Accroche-Coeurs \u2013 MAIADOR \u2013 Angers,France.<\/span><\/p>\r\n<p class=\"p3\"><span class=\"s1\"><b>17 Septembre \u2013 <\/b>Festival ARTO \u2013 MAIADOR \u2013 Ramonville, France<\/span><\/p>\r\n<strong>21 Set au 26 Nov<\/strong> &#8211; Circuito Sesc de Artes &#8211; Maiador &#8211; S\u00e3o Paulo, Brasil\r\n<h2>Tourn\u00e9e 2022:<\/h2>\r\n<p class=\"p1\"><span class=\"s1\"><b>13 Mars <\/b>&#8211; Circo da Lua &#8211; MAIADOR &#8211; Bahia, Br\u00e9sil<\/span><\/p>\r\n<p class=\"p1\"><span class=\"s1\"><b>2 Avril <\/b>&#8211; O Salto Festival &#8211; MAIADOR &#8211; Minas Gerais, Br\u00e9sil<\/span><\/p>\r\n<p class=\"p1\"><span class=\"s1\"><b>22 Mai <\/b>\u2013\u00a0Festival FIP &#8211; MAIADOR \u2013 Rabastens, France<\/span><\/p>\r\n<p class=\"p1\"><span class=\"s1\"><b>4 Juin <\/b>\u2013\u00a0 La Batoude \u2013 NOIS UM \u2013 Beauvais, France<\/span><\/p>\r\n<p class=\"p1\"><span class=\"s1\"><b>17 et 18 Juin <\/b>\u2013 Gr\u00e9silles en f\u00eate &#8211; MAIADOR &#8211; Dijon, France<\/span><\/p>\r\n<p class=\"p1\"><span class=\"s1\"><b>21 au 23 Juin <\/b>\u2013\u00a0Festival- MAIADOR &#8211; Bibione, Italie<\/span><\/p>\r\n<p class=\"p1\"><span class=\"s1\"><b>24 et 25 Juin <\/b>\u2013 Off Viva Cit\u00e9 \u2013Sotteville-l\u00e8s-Rouen, France<\/span><\/p>\r\n<p class=\"p1\"><span class=\"s1\"><b>26 Juin <\/b>\u2013 Festival Terminal \u2013 MAIADOR \u2013 Udine, Italie<\/span><\/p>\r\n<p class=\"p1\"><span class=\"s1\"><b>9 Juillet <\/b>\u2013 Festival Saurat \u2013 MAIADOR &#8211; Saurat, France<\/span><\/p>\r\n<strong>31 Juillet &#8211;<\/strong> Festival Itinerances &#8211; MAIADOR &#8211; St. Juery, France\r\n<p class=\"p1\"><span class=\"s1\"><b>16 Juillet <\/b>&#8211; Cantilafont \u2013 MAIADOR \u2013 St. Feliu Sasserra, Spagne<\/span><\/p>\r\n<p class=\"p1\"><span class=\"s1\"><b>6 Ao\u00fbt <\/b>\u2013 Festival Bal Brasil Popular &#8211; MAIADOR &#8211; Die, France<\/span><\/p>\r\n<p class=\"p1\"><span class=\"s1\"><b>9 au 14 Ao\u00fbt <\/b>-Buskers Festival &#8211; MAIADOR \u2013 Neuch\u00e2tel, Suisse<\/span><\/p>\r\n<p class=\"p1\"><span class=\"s1\"><b>20 et 21 Ao\u00fbt <\/b>\u2013 Chassepierre \u2013 MAIADOR -Florenville, Belgique<\/span><\/p>\r\n<strong>27 Ao\u00fbt &#8211;\u00a0<\/strong>Mondercange 22 &#8211; MAIADOR &#8211; Bergem, Luxemburg\r\n<p class=\"p1\"><span class=\"s1\"><b>28 Ao\u00fbt <\/b>&#8211; Rue du Bocage &#8211; MAIADOR \u2013 Herve, Belgique<\/span><\/p>\r\n<p class=\"p1\"><span class=\"s1\"><b>2 et 3 Septembre <\/b>-Krapoldi &#8211; MAIADOR \u2013 Innsbruck, Autriche<\/span><\/p>\r\n<p class=\"p1\"><span class=\"s1\"><b>25 Septembre <\/b>\u2013 Espace Culturel &#8211; MAIADOR \u2013 Thourotte, France<\/span><\/p>\r\n<strong>22 octubre &#8211;<\/strong> Intera\u00e7\u00f5es acrobaticas &#8211; MAIADOR &#8211; Rio de Janeiro, Br\u00e9sil\r\n\r\n<strong>23 octubre &#8211;<\/strong> Festival de Circo Museo do Pontal\u00a0 &#8211; MAIADOR &#8211; Rio de Janeiro, Br\u00e9sil\r\n<h2>Tourn\u00e9e 2021:<\/h2>\r\n<div>\r\n<div>\r\n<div><strong>13 Juin &#8211;<\/strong> KaldeArte, Vitoria &#8211; Spagne<\/div>\r\n<div><\/div>\r\n<div><strong>20 au 22 Juin &#8211;\u00a0<\/strong>Les Hommes forts, Givors &#8211; France<\/div>\r\n<div><\/div>\r\n<div><b>25 juin &#8211;\u00a0<\/b>Festival Arts du cirque, Cugnaux\/Toulouse &#8211; France<\/div>\r\n<div><\/div>\r\n<div><b>28 juin &#8211;\u00a0<\/b>Bilboko Kalealdia, Bilbao &#8211; Espagne<\/div>\r\n<\/div>\r\n<div><\/div>\r\n<div><strong>1 Julio<\/strong> &#8211; FITLO,\u00a0 Logro\u00f1o &#8211; Spagne<\/div>\r\n<div>\r\n<div><\/div>\r\n<div><b>3 Ao\u00fbt\u00a0 &#8211;<\/b>Festivit\u00e9s, Blagnac\/Toulouse &#8211; France<\/div>\r\n<div><\/div>\r\n<div><b>21 et 22 Ao\u00fbt \u00a0<\/b>&#8211; Les Beaux Dimanches \u00a0du \u00a0Mont Noir, Hazebrouck &#8211; France<\/div>\r\n<\/div>\r\n<\/div>\r\n<div><\/div>\r\n<div><strong>4 et 5 Septembre<\/strong>\u00a0&#8211; Circusbend, Amsterdam &#8211; Netherlands<\/div>\r\n<div>\r\n<div>\r\n<div><\/div>\r\n<div><b>9 au 12 Septembre &#8211;\u00a0<\/b>Dinamico Festival, Reggio Emilia &#8211; Italie<\/div>\r\n<\/div>\r\n<\/div>\r\n<h2><strong>Tourn\u00e9e 2020:<\/strong><\/h2>\r\n<div><strong>20 Ao\u00fbt<\/strong> &#8211;\u00a0 FESTIM\u00d4ME, Aubagne &#8211; France<\/div>\r\n<div><\/div>\r\n<div><strong>29 et 30 Ao\u00fbt<\/strong> &#8211; Le Chahut au ch\u00e2teau ,\u00a0Gevingey &#8211; France<\/div>\r\n<div><\/div>\r\n<div><strong>5 Septembre<\/strong> &#8211;\u00a0Festival Teste \u00e0 Teste,\u00a0La Teste &#8211; France<\/div>\r\n<div><\/div>\r\n<div><strong>25 et 26 Septembre<\/strong> &#8211; Festival Cadences, Arcachon &#8211; France (Report\u00e9)<\/div>\r\n<div><\/div>\r\n<div><strong>29 et 30 Octobre<\/strong> &#8211; Festival CIRCADA, Sevilla &#8211; Spagne<\/div>\r\n<div><\/div>\r\n<div><strong>31 Octobre et 1 Novembre<\/strong> &#8211; FIT, Cadiz &#8211; Spagne<\/div>\r\n<h2><strong>Tourn\u00e9ne 2019:<\/strong><\/h2>\r\n<b>20-24 february &#8211;\u00a0<\/b>V Festival Internacional Diamantino de Circo &#8211; \u00ab\u00a0Maiador\u00a0\u00bb \u2013 Vale do Cap\u00e3o, Brazil\r\n\r\n<b>13-16 June &#8211;<\/b> Festival Artisti in Piazza &#8211; \u00ab\u00a0Maiador\u00a0\u00bb\u2013 Pennabilli, Italy\r\n\r\n<b>20-21 June 2019<\/b>\u00a0&#8211; SESC Itaquera &#8211;\u00a0Festival CIRCOs \u2013 \u00ab\u00a0Maiador\u00a0\u00bb &#8211; S\u00e3o Paulo \u2013 Brazil\r\n\r\n<b>22-23 June<\/b>\u00a0 \u2013 SESC Parque Dom Pedro -Festival CIRCOs \u2013 \u00ab\u00a0Maiador\u00a0\u00bb &#8211; S\u00e3o Paulo \u2013 Brazil\r\n\r\n<b>29-30 june \u00a0&#8211; \u00a0<\/b>Festival de rue Chamb\u2019art\u2019dement -\u00ab\u00a0Maiador\u00a0\u00bb- Chambly, France\r\n\r\n<span class=\"s1\"><b>6 y-7 July &#8211;\u00a0<\/b>Festival Les Affranchis \u2013 \u00ab\u00a0Maiador\u00a0\u00bb &#8211; La Fleche, France<\/span>\r\n<p class=\"p2\"><span class=\"s1\"><b>1-4 August \u00a02019<\/b>\u00a0&#8211; \u00ab\u00a0Maiador\u00a0\u00bb &#8211; Festival Kulturufer, Friedrichshafen \u2013 Germany<\/span><\/p>\r\n<p class=\"p2\"><span class=\"s1\"><b>9-11 August &#8211;\u00a0<\/b>Festival Circusbende \u2013 NDSM \u2013 \u00ab\u00a0Maiador\u00a0\u00bb &#8211; Amsterdam &#8211; Netherlands<\/span><\/p>\r\n<p class=\"p2\"><span class=\"s1\"><b>22-25 August &#8211;\u00a0<\/b>Festival AURILLAC &#8211; \u00ab\u00a0Maiador\u00a0\u00bb\u2013 France<\/span><\/p>\r\n<p class=\"p2\"><span class=\"s1\"><b>7 \u00a0September &#8211;\u00a0<\/b>La Batoude &#8211;\u00a0 \u00ab\u00a0Maiador\u00a0\u00bb &#8211; Beauvais \u2013 France<\/span><\/p>\r\n<p class=\"p2\"><span class=\"s1\"><b>14-15 september &#8211;\u00a0<\/b>Festin de Pierres- \u00ab\u00a0Maiador\u00a0\u00bb &#8211; Saint Jean de Vedas \u2013 France<\/span><\/p>\r\n<p class=\"p2\"><span class=\"s1\"><b>21-22 september &#8211; <\/b>Festival CirkFantastik \u2013 \u00ab\u00a0Maiador\u00a0\u00bb &#8211; Florence, Italy<\/span><\/p>\r\n<p class=\"p2\"><span class=\"s1\"><b>28 September &#8211;\u00a0<\/b>Festival Archipel Le Fort- Montbel-\u00a0 \u00ab\u00a0Maiador\u00a0\u00bb &#8211; France<\/span><\/p>\r\n\r\n<h2>Festivals pour le monde:<\/h2>\r\n<h3>France<\/h3>\r\n<ul>\r\n \t<li>\r\n<p class=\"p2\"><span class=\"s1\"><strong>Festival Archipel Le Fort <\/strong>&#8211; \u00ab\u00a0Maiador\u00a0\u00bb &#8211; Montbel, 2019<\/span><\/p>\r\n<\/li>\r\n \t<li><span class=\"s1\"><strong>Festin de Pierres &#8211; <\/strong>\u00ab\u00a0Maiador\u00a0\u00bb<strong> &#8211;<\/strong>Saint Jean de Vedas \u2013 2019<\/span><\/li>\r\n \t<li><span class=\"s1\"><strong>La Batoude<\/strong> &#8211; \u00ab\u00a0Maiador\u00a0\u00bb- Beauvais \u2013 2019<\/span><\/li>\r\n \t<li><strong>Festival AURILLAC &#8211;<\/strong><span class=\"s1\">Collectif Toulousaine de Cirque<\/span> \u2013 \u00ab\u00a0Maiador\u00a0\u00bb- 2019<\/li>\r\n \t<li class=\"p2\"><strong style=\"font-family: -apple-system, BlinkMacSystemFont, 'Segoe UI', Roboto, Oxygen-Sans, Ubuntu, Cantarell, 'Helvetica Neue', sans-serif;\">Festival Les Affranchis<\/strong><span style=\"font-family: -apple-system, BlinkMacSystemFont, 'Segoe UI', Roboto, Oxygen-Sans, Ubuntu, Cantarell, 'Helvetica Neue', sans-serif;\"> \u2013 \u00ab\u00a0Maiador\u00a0\u00bb- La Fleche &#8211; 2019<\/span><\/li>\r\n<\/ul>\r\n<ul class=\"ul1\">\r\n \t<li><strong>Festival de rue Chamb\u2019art\u2019dement<\/strong> &#8211; \u00ab\u00a0Maiador\u00a0\u00bb-Chambly &#8211; 2019<\/li>\r\n \t<li><span class=\"s1\"><b>Festival Parade(s)<\/b>, \u00ab\u00a0Maiador\u00a0\u00bb &#8211; Nanterre \u2013 2019<\/span><\/li>\r\n \t<li class=\"li4\"><span class=\"s1\"><b>CAP M\u00d4MES<\/b> \u2013 \u00ab\u00a0Nois um\u00a0\u00bb -Laissac, \u2013 2018<\/span><\/li>\r\n \t<li class=\"li4\"><span class=\"s1\"><b>FESTIM\u00d4ME<\/b> \u2013 \u00ab\u00a0Nois um\u00a0\u00bb &#8211; Aubagne, \u2013 2018<\/span><\/li>\r\n \t<li class=\"li4\"><span class=\"s1\"><b>Festival Saint Paul<\/b> \u2013\u00a0\u00bbNois um\u00a0\u00bb &#8211; Sarreguemines \u2013 2018<\/span><\/li>\r\n \t<li class=\"li4\"><span class=\"s1\"><b>Festival Divers et d\u2019Et\u00e9,<\/b> \u00ab\u00a0Nois um\u00a0\u00bb &#8211; Clermont de l\u2019Oise \u2013 2018<\/span><\/li>\r\n \t<li class=\"li4\"><span class=\"s1\"><b>MAI DU THEATRE,<\/b>\u00a0 \u00ab\u00a0Nois um\u00a0\u00bb &#8211; Hendaye \u2013 may 2018<\/span><\/li>\r\n \t<li class=\"li4\"><span class=\"s1\"><b>La Rue Bucolique<\/b>, \u00ab\u00a0Nois um\u00a0\u00bb- La Hague \u2013 2017<\/span><\/li>\r\n \t<li class=\"li4\"><span class=\"s1\"><b>Franconville<\/b>\u00a0&#8211; 2017<\/span><\/li>\r\n \t<li class=\"li4\"><span class=\"s1\"><b>Jardins en Sc\u00e8ne<\/b>, \u00ab\u00a0Nois um\u00a0\u00bb- Hautes de France -2017<\/span><\/li>\r\n \t<li class=\"li4\"><span class=\"s1\"><b>Sortie de Bains<\/b>, \u00ab\u00a0Nois um\u00a0\u00bb- Granville \u2013 2017<\/span><\/li>\r\n \t<li class=\"li4\"><span class=\"s1\"><b>Bel\u00a0\u00e9t\u00e9, <\/b>\u00ab\u00a0Nois um\u00a0\u00bb<b>&#8211; <\/b>Morlaix \u2013 2107<b>\u00a0<\/b><\/span><\/li>\r\n \t<li class=\"li4\"><span class=\"s1\"><b>Gr\u00e9silles en f\u00eate<\/b>, \u00ab\u00a0Nois um\u00a0\u00bb- Dijon \u2013 2017<\/span><\/li>\r\n \t<li class=\"li4\"><span class=\"s1\"><b>Les Esclaffades,<\/b> \u00ab\u00a0Nois um\u00a0\u00bb- Saint-H\u00e9len \u2013 2017<\/span><\/li>\r\n \t<li class=\"li4\"><span class=\"s1\"><b>Rues et Cies- Epina<\/b>l \u2013 \u00ab\u00a0Nois um\u00a0\u00bb- 2017<\/span><\/li>\r\n \t<li class=\"li4\"><span class=\"s1\"><b>F\u00eate du Cirque, <\/b>\u00ab\u00a0Nois um\u00a0\u00bb- Saint-Romain-de-Colbosc \u2013 2017<\/span><\/li>\r\n \t<li class=\"li4\"><span class=\"s1\"><b>Brasil Fusion Fest<\/b>, \u00ab\u00a0Nois um\u00a0\u00bb- Lille \u2013 2017<\/span><\/li>\r\n \t<li class=\"li4\"><span class=\"s1\"><b>Festival Artjoyette<\/b>, \u00ab\u00a0Nois um\u00a0\u00bb &#8211; Saint Varent \u2013 2017<\/span><\/li>\r\n \t<li class=\"li4\"><span class=\"s1\"><b>Les Soirs D\u2019\u00e9t\u00e9<\/b>, \u00ab\u00a0Nois um\u00a0\u00bb- Le Mans\u2013 2016<\/span><\/li>\r\n \t<li class=\"li4\"><span class=\"s1\"><b>Ville de Morlaix<\/b>,\u00a0\u00bbNois um\u00a0\u00bb- 2016<\/span><\/li>\r\n \t<li class=\"li4\"><span class=\"s1\"><b>Ville de Pornichet<\/b>, \u00ab\u00a0Nois um\u00a0\u00bb- 2016<\/span><\/li>\r\n \t<li class=\"li4\"><span class=\"s1\"><b>Chalon dans la Rue<\/b>, \u00ab\u00a0Nois um\u00a0\u00bb &#8211; 2016<\/span><\/li>\r\n \t<li class=\"li4\"><span class=\"s1\"><b>Festival Rues d \u0301\u00e9t\u00e9<\/b>, \u00ab\u00a0Nois um\u00a0\u00bb- Graulhet- 2016<\/span><\/li>\r\n \t<li class=\"li4\"><span class=\"s1\"><b>Festival Robinson<\/b>\u00a0&#8211; \u00ab\u00a0Nois um\u00a0\u00bb- Saint-Gr\u00e9goire -2016<\/span><\/li>\r\n \t<li class=\"li4\"><span class=\"s1\"><b>Soleillades 2015<\/b>, \u00ab\u00a0Nois um\u00a0\u00bb &#8211; Ville de Montrouge- 2015<\/span><\/li>\r\n \t<li class=\"li4\"><span class=\"s1\"><b>OFF Chalon dans la rue,<\/b> Collectif Toulousaine de Cirque &#8211; \u00ab\u00a0Nois um\u00a0\u00bb- Chalon &#8211; 2015<\/span><\/li>\r\n \t<li class=\"li4\"><span class=\"s1\"><b>Festival Deantibulations<\/b>, \u00ab\u00a0Nois um\u00a0\u00bb- Antibes \u2013 2015<\/span><\/li>\r\n \t<li class=\"li4\"><span class=\"s1\"><b>Mimos<\/b>, Festival International de Arts du Mime et du Geste \u00ab\u00a0Nois um\u00a0\u00bb \u2013 2014<\/span><\/li>\r\n \t<li class=\"li4\"><span class=\"s1\"><b>Festival de Th\u00e9\u00e2tre de Rue<\/b>, with the Collectif Toulousaine de Cirque, \u00ab\u00a0Nois um\u00a0\u00bb- Aurillac \u00a0&#8211; 2014<\/span><\/li>\r\n \t<li class=\"li4\"><span class=\"s1\"><b>Festival Rue del Arte<\/b>, \u00ab\u00a0Nois um\u00a0\u00bb- Moncontour &#8211; 2014<\/span><\/li>\r\n \t<li class=\"li4\"><span class=\"s1\"><b>Festarts<\/b>, \u00ab\u00a0Nois um\u00a0\u00bb- Libourne- 2012<\/span><\/li>\r\n \t<li class=\"li4\"><span class=\"s1\"><b>Renc\u2019Art<\/b>\u00a0, \u00ab\u00a0Nois um\u00a0\u00bb- Pornichet \u2013 2013<\/span><\/li>\r\n \t<li class=\"li4\"><span class=\"s1\"><b>Renc\u00b4Art<\/b>, \u00ab\u00a0Nois um\u00a0\u00bb- Dinan \u2013 2013<\/span><\/li>\r\n \t<li class=\"li4\"><span class=\"s1\"><b>Renc\u2019Art<\/b>, \u00ab\u00a0Nois um\u00a0\u00bb- Saint Malo \u2013 2013<\/span><\/li>\r\n \t<li class=\"li4\"><span class=\"s1\"><b>Les Affanchis<\/b>, \u201cNois Um\u201c- La Feche \u2013 2013<\/span><\/li>\r\n \t<li class=\"li4\"><span class=\"s1\"><b>Les MOUVement\u00e9es<\/b>, \u00ab\u00a0Nois um\u00a0\u00bb- Mimizan Plage \u2013 2013<\/span><\/li>\r\n \t<li class=\"li4\"><span class=\"s1\"><b>Candeces<\/b>, danse avec cirque, \u00ab\u00a0Nois um\u00a0\u00bb- Arcachon \u2013 2013<\/span><\/li>\r\n \t<li class=\"li4\"><span class=\"s1\"><b>Festival La Belle Rue &#8211; <\/b>\u201cEntre\u00e2mbicos\u201c \u2013 2008<\/span><\/li>\r\n<\/ul>\r\n<h3>Brazil<\/h3>\r\n<ul class=\"ul1\">\r\n \t<li><strong>SESC Parque Dom Pedro -Festival CIRCOs<\/strong> \u2013 \u00ab\u00a0Maiador\u00a0\u00bb- S\u00e3o Paulo \u2013 2019<\/li>\r\n \t<li><strong>SESC Itaquera<\/strong> &#8211; <strong>Festival CIRCOs<\/strong> \u2013 \u00ab\u00a0Maiador\u00a0\u00bb- S\u00e3o Paulo \u2013 2019<\/li>\r\n \t<li><strong>V Festival Internacional Diamantino de Circo -\u00ab\u00a0<\/strong>Maiador\u00a0\u00bb \u2013 Vale do Cap\u00e3o &#8211; 2019<\/li>\r\n \t<li class=\"li4\"><span class=\"s1\"><b>Festivalissimo de Circo<\/b>, <strong>\u00ab\u00a0<\/strong>Maiador\u00a0\u00bb &#8211; Saquarema &#8211;\u00a0 2018<\/span><\/li>\r\n \t<li class=\"li4\"><span class=\"s1\"><b>Conven\u00e7\u00e3o Brasileira de Malabares e Circo,<\/b>\u00ab\u00a0Maiador\u00a0\u00bb &#8211; Rio das Ostras &#8211; 2018<\/span><\/li>\r\n \t<li class=\"li4\"><span class=\"s1\"><b>Oficina de Acro-Dan\u00e7a<\/b>\u00a0&#8211; Galp\u00e3o instrumento de Ver, Brasilia \u2013 november, 2018<\/span><\/li>\r\n \t<li class=\"li4\"><span class=\"s1\"><b>Festival arranha C\u00e9u<\/b>, \u00ab\u00a0Maiador\u00a0\u00bb &#8211; Brasilia &#8211; 2018<\/span><\/li>\r\n \t<li class=\"li4\"><span class=\"s1\"><b>O Salto do Espinha\u00e7o<\/b>, \u00ab\u00a0Maiador\u00a0\u00bb &#8211; Serra do Cip\u00f3, MG \u2013 December, 2018<\/span><\/li>\r\n \t<li class=\"li4\"><span class=\"s1\"><b>Domingo no Circo,<\/b> Circo da Lua &#8211; \u00ab\u00a0Maiador\u00a0\u00bb &#8211; Serra Grande, BA \u2013 2018<\/span><\/li>\r\n \t<li class=\"li4\"><span class=\"s1\"><b>SESC Santo Andr\u00e9<\/b>, \u00ab\u00a0Nois um\u00a0\u00bb &#8211; S\u00e3o Paulo \u2013 2017<\/span><\/li>\r\n \t<li class=\"li4\"><span class=\"s1\"><b>Festival Elementos<\/b>, \u00ab\u00a0Nois um\u00a0\u00bb &#8211; Cachoeira de Macacu, RJ \u2013 2017<\/span><\/li>\r\n \t<li class=\"li4\"><span class=\"s1\"><b>SESC Pinheiro<\/b>, \u00ab\u00a0Nois um\u00a0\u00bb &#8211; S\u00e3o Paulo -2017<\/span><\/li>\r\n \t<li class=\"li4\"><span class=\"s1\"><b>Festival Internacional Diamantino de Circo<\/b>, \u00ab\u00a0Nois um\u00a0\u00bb\u00a0&#8211; Chapada Diamantina, Cap\u00e3o, BA \u2013 2017<\/span><\/li>\r\n \t<li class=\"li4\"><span class=\"s1\"><b>Festival Mulheres do Mar<\/b>, \u00ab\u00a0Nois um\u00a0\u00bb\u00a0&#8211; Barra Grande, Ilha de Itaparica, BA \u2013 2017<\/span><\/li>\r\n \t<li class=\"li4\"><span class=\"s1\"><b>SESC Pinheiros<\/b>, \u00ab\u00a0Nois um\u00a0\u00bb- S\u00e3o Paulo \u2013 2017<\/span><\/li>\r\n \t<li class=\"li4\"><span class=\"s1\"><b>Festival Permaangola<\/b>, oficina de Acro-Danza, Valen\u00e7a \u2013 2017<\/span><\/li>\r\n \t<li class=\"li4\"><span class=\"s1\"><b>Circuito SESC de Circo<\/b> &#8211; \u00ab\u00a0Nois um\u00a0\u00bb\u00a0&#8211; (Ribeir\u00e3o Preto, S\u00e3o Carlos,Vila Mariana,Santos e Interlagos) \u2013 S\u00e3o Paulo \u2013 2016<\/span><\/li>\r\n \t<li class=\"li4\"><span class=\"s1\"><b>SESC S\u00e3o Jos\u00e9 do Rio Preto<\/b> &#8211; \u00ab\u00a0Nois um\u00a0\u00bb\u00a0&#8211; S\u00e3o Paulo \u2013 2015<\/span><\/li>\r\n \t<li class=\"li4\"><span class=\"s1\"><b>SESC S\u00e3o Jos\u00e9 dos Campos<\/b> &#8211; \u00ab\u00a0Nois um\u00a0\u00bb\u00a0&#8211; S\u00e3o Paulo \u2013 2015<\/span><\/li>\r\n \t<li class=\"li4\"><span class=\"s1\"><b>Circuito SESC das Arte<\/b>s (10 presentations) &#8211; \u00ab\u00a0Nois um\u00a0\u00bb\u00a0&#8211; S\u00e3o Paulo- 2015<\/span><\/li>\r\n \t<li class=\"li4\"><span class=\"s1\"><b>4\u00b0 FESTIT \u2013 Festival Cultural de Rua<\/b>, \u00ab\u00a0Nois um\u00a0\u00bb\u00a0-lha de Itaparica, Bahia, Brasil \u2013 2015<\/span><\/li>\r\n \t<li class=\"li4\"><span class=\"s1\"><b>Festival Mulheres do mar<\/b>, \u00ab\u00a0Nois um\u00a0\u00bb &#8211; Ilha de Itaparica, Bahia, Brasil \u2013 2015<\/span><\/li>\r\n \t<li class=\"li4\"><span class=\"s1\"><b>Taller de Acro Danza<\/b>\u00a0, Fundi\u00e7\u00e3o Progresso, Rio de Janeiro \u2013 2012<\/span><\/li>\r\n<\/ul>\r\n<h3>Allemagne<\/h3>\r\n<ul class=\"ul1\">\r\n \t<li><span class=\"s1\"><strong>Festival Kulturufer &#8211; <\/strong>\u00ab\u00a0Maiador &#8211; Friedrichshafen \u2013 2019<\/span><\/li>\r\n \t<li><span class=\"s1\"><b>Pflasterzauber Festival<\/b>, \u00ab\u00a0Maiador\u00a0\u00bb &#8211; Hildesheim \u2013 2018<\/span><\/li>\r\n \t<li class=\"li4\"><span class=\"s1\"><b>Dinner show<\/b> \u2013 \u00ab\u00a0Nois um\u00a0\u00bb &#8211; Lindau Bodensee \u2013 2018<\/span><\/li>\r\n \t<li class=\"li4\"><span class=\"s1\"><b>Pflasterzauber Festival<\/b>, \u00ab\u00a0Nois um\u00a0\u00bb &#8211; Hildesheim \u2013 2015<\/span><\/li>\r\n \t<li class=\"li4\"><span class=\"s1\"><b>International Kleinkunstfestival<\/b> &#8211;<\/span><span class=\"s1\">\u00ab\u00a0Nois um\u00a0\u00bb &#8211; <\/span><span class=\"s1\">2015<\/span><\/li>\r\n \t<li class=\"li4\"><span class=\"s1\"><b>Pflasterzauber Festival<\/b>, \u00ab\u00a0Nois um\u00a0\u00bb &#8211; Hildesheim \u2013 2014<\/span><\/li>\r\n \t<li class=\"li4\"><span class=\"s1\"><b>Kultruffer Friedrichshafen,<\/b> \u00ab\u00a0Nois um\u00a0\u00bb &#8211; 2011, 2012<\/span><\/li>\r\n \t<li class=\"li4\"><span class=\"s1\"><b>Musik Festival Yoga vidya<\/b>, Nois um\u00a0\u00bb, Cours de Acro-dance \u2013 2012<\/span><\/li>\r\n \t<li class=\"li4\"><span class=\"s1\"><b>Internationales StadtSpektakel<\/b>, Nois um\u00a0\u00bb &#8211; Landshut \u2013 2014 et 2017<\/span><\/li>\r\n<\/ul>\r\n<h3>Suisse<\/h3>\r\n<ul class=\"ul1\">\r\n \t<li class=\"li4\"><span class=\"s1\"><b>Buskers Chur<\/b> \u2013 \u00ab\u00a0Nois um\u00a0\u00bb \u00a0St Gallen \u2013 2017<\/span><\/li>\r\n \t<li class=\"li4\"><span class=\"s1\"><b>Buskers Berna<\/b> &#8211; \u00ab\u00a0Nois um\u00a0\u00bb &#8211; 2016<\/span><\/li>\r\n \t<li class=\"li4\"><span class=\"s1\"><b>Aufgetischt St.Gallen<\/b> -\u00ab\u00a0Nois um\u00a0\u00bb- 2016<\/span><\/li>\r\n \t<li class=\"li4\"><span class=\"s1\"><b>Usine \u00e0 Gaz<\/b>\u00a0, Nyon \u2013 \u00ab\u00a0Nois um\u00a0\u00bb &#8211; 2015<\/span><\/li>\r\n \t<li class=\"li4\"><span class=\"s1\"><b>Festival Neuch\u00e2tel<\/b>\u00a0&#8211; \u00ab\u00a0Nois um\u00a0\u00bb &#8211; 2015<\/span><\/li>\r\n \t<li class=\"li4\"><span class=\"s1\"><b>Theater Spektakel<\/b>, \u00ab\u00a0Nois um\u00a0\u00bb &#8211; Zurich &#8211; 2011, 2012 y 2013<\/span><\/li>\r\n \t<li class=\"li4\"><span class=\"s1\"><b>Geneva Yoga and Music Festival<\/b>, \u201cNois Um\u201c et talleres de Acro-Danse \u2013 2013 e 2014<\/span><\/li>\r\n<\/ul>\r\n<h3>Autriche<\/h3>\r\n<ul class=\"ul1\">\r\n \t<li class=\"li4\"><span class=\"s1\"><b>Pflasterspektakel Linz<\/b>,\u201cNois Um\u201c \u2013 2012, 2013<\/span><\/li>\r\n \t<li class=\"li4\"><span class=\"s1\"><b>Fantastika festival<\/b>, \u00ab\u00a0Nois um\u00a0\u00bb &#8211; Freistadt \u2013 2013<\/span><\/li>\r\n \t<li class=\"li4\"><span class=\"s1\"><b>Street Art Festival<\/b>, \u00ab\u00a0Nois um\u00a0\u00bb &#8211; Vilach \u2013 2013<\/span><\/li>\r\n<\/ul>\r\n<h3>Argentine<\/h3>\r\n<ul class=\"ul1\">\r\n \t<li class=\"li4\"><span class=\"s1\"><b>Festival HAZMEREIR<\/b>, \u00ab\u00a0Nois um\u00a0\u00bb -Mar del Plata \u2013 2014<\/span><\/li>\r\n<\/ul>\r\n<h3>Chile<\/h3>\r\n<ul class=\"ul1\">\r\n \t<li class=\"li4\"><span class=\"s1\"><b>Festival Capoeira de Rua Angoleiros do Mar<\/b>, \u00ab\u00a0Nois um\u00a0\u00bb &#8211; Santiago \u2013 2014<\/span><\/li>\r\n \t<li class=\"li4\"><span class=\"s1\"><b>Taller Acro-danse,<\/b>\u00a0Carpa Azul,\u00a0 Valparaiso \u2013 2014<\/span><\/li>\r\n \t<li class=\"li4\"><span class=\"s1\"><b>Capa Azul<\/b>, Valparaiso \u2013 2014<\/span><\/li>\r\n<\/ul>\r\n<h3>\u00a0Italie<\/h3>\r\n<ul class=\"ul1\">\r\n \t<li>\r\n<p class=\"p2\"><span class=\"s1\"><strong>Festival CirkFantastik<\/strong> \u2013 \u00ab\u00a0Maiador\u00a0\u00bb- Florence &#8211; 2019<\/span><\/p>\r\n<\/li>\r\n \t<li><strong>Festival Artisti in Piazza<\/strong> \u2013 \u00ab\u00a0Maiador\u00a0\u00bb- Pennabilli-2019<\/li>\r\n \t<li><span class=\"s1\"><b>Ibla Buskers<\/b> , \u00ab\u00a0Maiador\u00a0\u00bb &#8211; Sicilia \u2013 2018<\/span><\/li>\r\n \t<li class=\"li4\"><span class=\"s1\"><b>SA RUGA Festival<\/b>\u00a0\u2013 \u00ab\u00a0Nois um\u00a0\u00bb &#8211; Cagliari, \u20132018<\/span><\/li>\r\n \t<li class=\"li4\"><span class=\"s1\"><b>LONATO Festival<\/b> \u2013 \u00ab\u00a0Nois um\u00a0\u00bb &#8211; 2018<\/span><\/li>\r\n \t<li class=\"li4\"><span class=\"s1\"><b>Festival Fantastik,<\/b> \u00ab\u00a0Nois um\u00a0\u00bb &#8211; Florence \u2013 2017<\/span><\/li>\r\n \t<li class=\"li4\"><span class=\"s1\"><b>Ibla Buskers<\/b>\u00a0, \u00ab\u00a0Nois um\u00a0\u00bb &#8211; Sicilia \u2013 2015 and 2018<\/span><\/li>\r\n \t<li class=\"li4\"><span class=\"s1\"><b>Artisti in Piazza<\/b>, \u00ab\u00a0Nois um\u00a0\u00bb &#8211; Pennabilli \u2013 2015<\/span><\/li>\r\n<\/ul>\r\n<h3>Espagne<\/h3>\r\n<ul class=\"ul1\">\r\n \t<li class=\"li4\"><span class=\"s1\"><b>UMORE AZOKA<\/b>, \u00ab\u00a0Nois um\u00a0\u00bb &#8211; Leioa, Pais Vasco \u2013 2016<\/span><\/li>\r\n \t<li class=\"li4\"><span class=\"s1\"><b>Fira de T\u00e0rrega Teatre al Carrer<\/b> \u201cEntre\u00e2mbiacos\u201c \/ \u201cNois Um\u201c \u2013 2008, 2009 et 2011<\/span><\/li>\r\n \t<li class=\"li4\"><span class=\"s1\"><b>4 Quarterada Teatral Santa Eug\u00e8nia<\/b>,\u00a0\u00bbNois um\u00a0\u00bb -Mallorca \u2013 2011<\/span><\/li>\r\n \t<li class=\"li4\"><span class=\"s1\"><b>Fira de Circ al carrer<\/b>, \u201cJunto\u201c \u2013 2011<\/span><\/li>\r\n \t<li class=\"li4\"><span class=\"s1\"><b>Barcelona Yoga Conference &#8211;<\/b>\u00a0\u201cNois Um\u201c \u2013 2012<\/span><\/li>\r\n<\/ul>\r\n<h3>Denmark<\/h3>\r\n<ul class=\"ul1\">\r\n \t<li class=\"li4\"><span class=\"s1\"><b>Denmark International Street Theatre Festival<\/b>, \u00ab\u00a0Nois um\u00a0\u00bb &#8211; Danemark (24 repr\u00e9sentations) \u2013 2017<\/span><\/li>\r\n<\/ul>\r\n<h3><span class=\"s1\">Pays-Bas<\/span><\/h3>\r\n<ul>\r\n \t<li><span class=\"s1\"><strong>Festival Circusbende<\/strong> \u2013 NDSM \u2013 \u00ab\u00a0Maiador\u00a0\u00bb- Amsterdam &#8211; 2019<\/span><\/li>\r\n \t<li><span class=\"s1\"><strong>Festival Jetlag<\/strong> \u2013 ADM &#8211; \u00ab\u00a0Nois Um\u00a0\u00bb &#8211; Amsterdan &#8211; 2018<\/span><\/li>\r\n<\/ul>\r\n<h3>Puerto Rico<\/h3>\r\n<ul class=\"ul1\">\r\n \t<li class=\"li4\"><span class=\"s1\"><b>Circo Fest, <\/b>\u00ab\u00a0Nois um\u00a0\u00bb &#8211; San Juan &#8211;\u00a02018 and 2016<\/span><\/li>\r\n<\/ul>\r\n<h3>Belgique<\/h3>\r\n<ul class=\"ul1\">\r\n \t<li class=\"li4\"><span class=\"s1\">\u00a0<b>Streetheater festival Maasmechelen &#8211; <\/b>\u00ab\u00a0Nois um\u00a0\u00bb -2018<\/span><\/li>\r\n \t<li class=\"li4\"><span class=\"s1\"><b>Festival Chassepierre<\/b>, \u00ab\u00a0Nois um\u00a0\u00bb- Florenville \u2013 2016<\/span><\/li>\r\n<\/ul>\r\n<h3>Pologne<\/h3>\r\n<ul class=\"ul1\">\r\n \t<li class=\"li4\"><span class=\"s1\"><b>Buskers Festival<\/b>, Bydcoszcz, \u00ab\u00a0Nois um\u00a0\u00bb \u2013 2012<\/span><\/li>\r\n<\/ul>\r\n<h3>Isra\u00ebl<\/h3>\r\n<ul class=\"ul1\">\r\n \t<li class=\"li4\"><span class=\"s1\">\u00a0<b>Moddin Festival<\/b>\u00a0&#8211; \u00ab\u00a0Nois um\u00a0\u00bb &#8211; 2017<\/span><\/li>\r\n<\/ul>\r\n<ul class=\"ul1\">\r\n \t<li class=\"li4\"><b style=\"font-family: -apple-system, BlinkMacSystemFont, 'Segoe UI', Roboto, Oxygen-Sans, Ubuntu, Cantarell, 'Helvetica Neue', sans-serif;\">Turn\u00ea \u00a0avec l\u2019spectacle \u201cCats Can\u2019t Fly\u00a0\u201c<\/b><span style=\"font-family: -apple-system, BlinkMacSystemFont, 'Segoe UI', Roboto, Oxygen-Sans, Ubuntu, Cantarell, 'Helvetica Neue', sans-serif;\">, collective creation\u00a0with the profissional circus school Le Lido, Centre des Arts du Cirque (Toulouse-France), Cie. \u201cLes Optimistes\u201c \u2013 2015<\/span><\/li>\r\n<\/ul>\r\n<h3>Afrique<\/h3>\r\n<p class=\"p2\"><span class=\"s1\">Tour independent circus in Mali and Guine Con Acri making shows and giving workshops in primary and secondary schools, youth social centers, Universities and neighborhoods with limited resources. In Guine Con Acry and Segou (Mali) taught contemporary dance to dance groups receiving African traditional dance classes from them. \u2013 2009<\/span><\/p>\r\n[\/vc_column_text][\/vc_column][\/vc_row][vc_row unlock_row_content=\u00a0\u00bbyes\u00a0\u00bb row_height_percent=\u00a0\u00bb0&Prime; override_padding=\u00a0\u00bbyes\u00a0\u00bb h_padding=\u00a0\u00bb0&Prime; top_padding=\u00a0\u00bb0&Prime; bottom_padding=\u00a0\u00bb0&Prime; overlay_alpha=\u00a0\u00bb50&Prime; gutter_size=\u00a0\u00bb3&Prime; column_width_percent=\u00a0\u00bb100&Prime; shift_y=\u00a0\u00bb0&Prime; z_index=\u00a0\u00bb0&Prime;][vc_column width=\u00a0\u00bb1\/1&Prime;][uncode_index el_id=\u00a0\u00bbindex-116713&Prime; isotope_mode=\u00a0\u00bbfitRows\u00a0\u00bb loop=\u00a0\u00bbsize:2|post_type:portfolio|by_id:122,371&Prime; screen_lg=\u00a0\u00bb1000&Prime; screen_md=\u00a0\u00bb600&Prime; screen_sm=\u00a0\u00bb480&Prime; gutter_size=\u00a0\u00bb1&Prime; portfolio_items=\u00a0\u00bbtitle,media|featured|onpost|original,category|nobg|relative|hide-icon\u00a0\u00bb single_text=\u00a0\u00bboverlay\u00a0\u00bb single_width=\u00a0\u00bb6&Prime; single_overlay_color=\u00a0\u00bbcolor-nhtu\u00a0\u00bb single_overlay_opacity=\u00a0\u00bb30&Prime; single_overlay_visible=\u00a0\u00bbyes\u00a0\u00bb single_text_visible=\u00a0\u00bbyes\u00a0\u00bb single_h_align=\u00a0\u00bbcenter\u00a0\u00bb single_h_align_mobile=\u00a0\u00bbcenter\u00a0\u00bb single_reduced=\u00a0\u00bblimit-width\u00a0\u00bb single_padding=\u00a0\u00bb1&Prime; single_text_reduced=\u00a0\u00bbyes\u00a0\u00bb single_title_semantic=\u00a0\u00bbh2&Prime; single_title_family=\u00a0\u00bbfont-186138&Prime; single_title_dimension=\u00a0\u00bbh1&Prime; single_text_lead=\u00a0\u00bbyes\u00a0\u00bb][\/vc_column][\/vc_row]<\/div>","protected":false},"excerpt":{"rendered":"[vc_row row_height_percent=\u00a0\u00bb0&Prime; overlay_alpha=\u00a0\u00bb50&Prime; gutter_size=\u00a0\u00bb3&Prime; column_width_percent=\u00a0\u00bb100&Prime; shift_y=\u00a0\u00bb0&Prime; z_index=\u00a0\u00bb0&Prime; row_name=\u00a0\u00bbagenda\u00a0\u00bb][vc_column width=\u00a0\u00bb1\/1&Prime;][vc_column_text uncode_shortcode_id=\u00a0\u00bb808082&Prime;] Tournn\u00e9 Maiador 2025: 12\/02 &#8211; Festival Balu\u00ea &#8211; Recife (BR) [&hellip;]","protected":false},"author":1,"featured_media":0,"parent":0,"menu_order":0,"comment_status":"closed","ping_status":"closed","template":"","meta":{"footnotes":""},"class_list":["post-1187","page","type-page","status-publish","hentry"],"yoast_head":"<!-- This site is optimized with the Yoast SEO plugin v25.6 - https:\/\/yoast.com\/wordpress\/plugins\/seo\/ -->\n<title>Agenda - Cia Dela Praka<\/title>\n<meta name=\"robots\" content=\"index, follow, max-snippet:-1, max-image-preview:large, max-video-preview:-1\" \/>\n<link rel=\"canonical\" href=\"https:\/\/ciadelapraka.com\/fr\/agenda\/\" \/>\n<meta property=\"og:locale\" content=\"fr_FR\" \/>\n<meta property=\"og:type\" content=\"article\" \/>\n<meta property=\"og:title\" content=\"Agenda - Cia Dela Praka\" \/>\n<meta property=\"og:description\" content=\"[vc_row row_height_percent=\u00a0\u00bb0&Prime; overlay_alpha=\u00a0\u00bb50&Prime; gutter_size=\u00a0\u00bb3&Prime; column_width_percent=\u00a0\u00bb100&Prime; shift_y=\u00a0\u00bb0&Prime; z_index=\u00a0\u00bb0&Prime; row_name=\u00a0\u00bbagenda\u00a0\u00bb][vc_column width=\u00a0\u00bb1\/1&Prime;][vc_column_text uncode_shortcode_id=\u00a0\u00bb808082&Prime;] Tournn\u00e9 Maiador 2025: 12\/02 &#8211; Festival Balu\u00ea &#8211; Recife (BR) [&hellip;]\" \/>\n<meta property=\"og:url\" content=\"https:\/\/ciadelapraka.com\/fr\/agenda\/\" \/>\n<meta property=\"og:site_name\" content=\"Cia Dela Praka\" \/>\n<meta property=\"article:modified_time\" content=\"2025-08-01T09:07:59+00:00\" \/>\n<meta name=\"twitter:card\" content=\"summary_large_image\" \/>\n<meta name=\"twitter:label1\" content=\"Dur\u00e9e de lecture estim\u00e9e\" \/>\n\t<meta name=\"twitter:data1\" content=\"9 minutes\" \/>\n<script type=\"application\/ld+json\" class=\"yoast-schema-graph\">{\"@context\":\"https:\/\/schema.org\",\"@graph\":[{\"@type\":\"WebPage\",\"@id\":\"https:\/\/ciadelapraka.com\/fr\/agenda\/\",\"url\":\"https:\/\/ciadelapraka.com\/fr\/agenda\/\",\"name\":\"Agenda - Cia Dela Praka\",\"isPartOf\":{\"@id\":\"https:\/\/ciadelapraka.com\/fr\/#website\"},\"datePublished\":\"2020-07-10T17:16:07+00:00\",\"dateModified\":\"2025-08-01T09:07:59+00:00\",\"breadcrumb\":{\"@id\":\"https:\/\/ciadelapraka.com\/fr\/agenda\/#breadcrumb\"},\"inLanguage\":\"fr-FR\",\"potentialAction\":[{\"@type\":\"ReadAction\",\"target\":[\"https:\/\/ciadelapraka.com\/fr\/agenda\/\"]}]},{\"@type\":\"BreadcrumbList\",\"@id\":\"https:\/\/ciadelapraka.com\/fr\/agenda\/#breadcrumb\",\"itemListElement\":[{\"@type\":\"ListItem\",\"position\":1,\"name\":\"Home\",\"item\":\"https:\/\/ciadelapraka.com\/fr\/\"},{\"@type\":\"ListItem\",\"position\":2,\"name\":\"Agenda\"}]},{\"@type\":\"WebSite\",\"@id\":\"https:\/\/ciadelapraka.com\/fr\/#website\",\"url\":\"https:\/\/ciadelapraka.com\/fr\/\",\"name\":\"Cia Dela Praka\",\"description\":\"Circus &amp; Dance Company\",\"potentialAction\":[{\"@type\":\"SearchAction\",\"target\":{\"@type\":\"EntryPoint\",\"urlTemplate\":\"https:\/\/ciadelapraka.com\/fr\/?s={search_term_string}\"},\"query-input\":{\"@type\":\"PropertyValueSpecification\",\"valueRequired\":true,\"valueName\":\"search_term_string\"}}],\"inLanguage\":\"fr-FR\"}]}<\/script>\n<!-- \/ Yoast SEO plugin. -->","yoast_head_json":{"title":"Agenda - Cia Dela Praka","robots":{"index":"index","follow":"follow","max-snippet":"max-snippet:-1","max-image-preview":"max-image-preview:large","max-video-preview":"max-video-preview:-1"},"canonical":"https:\/\/ciadelapraka.com\/fr\/agenda\/","og_locale":"fr_FR","og_type":"article","og_title":"Agenda - Cia Dela Praka","og_description":"[vc_row row_height_percent=\u00a0\u00bb0&Prime; overlay_alpha=\u00a0\u00bb50&Prime; gutter_size=\u00a0\u00bb3&Prime; column_width_percent=\u00a0\u00bb100&Prime; shift_y=\u00a0\u00bb0&Prime; z_index=\u00a0\u00bb0&Prime; row_name=\u00a0\u00bbagenda\u00a0\u00bb][vc_column width=\u00a0\u00bb1\/1&Prime;][vc_column_text uncode_shortcode_id=\u00a0\u00bb808082&Prime;] Tournn\u00e9 Maiador 2025: 12\/02 &#8211; Festival Balu\u00ea &#8211; Recife (BR) [&hellip;]","og_url":"https:\/\/ciadelapraka.com\/fr\/agenda\/","og_site_name":"Cia Dela Praka","article_modified_time":"2025-08-01T09:07:59+00:00","twitter_card":"summary_large_image","twitter_misc":{"Dur\u00e9e de lecture estim\u00e9e":"9 minutes"},"schema":{"@context":"https:\/\/schema.org","@graph":[{"@type":"WebPage","@id":"https:\/\/ciadelapraka.com\/fr\/agenda\/","url":"https:\/\/ciadelapraka.com\/fr\/agenda\/","name":"Agenda - Cia Dela Praka","isPartOf":{"@id":"https:\/\/ciadelapraka.com\/fr\/#website"},"datePublished":"2020-07-10T17:16:07+00:00","dateModified":"2025-08-01T09:07:59+00:00","breadcrumb":{"@id":"https:\/\/ciadelapraka.com\/fr\/agenda\/#breadcrumb"},"inLanguage":"fr-FR","potentialAction":[{"@type":"ReadAction","target":["https:\/\/ciadelapraka.com\/fr\/agenda\/"]}]},{"@type":"BreadcrumbList","@id":"https:\/\/ciadelapraka.com\/fr\/agenda\/#breadcrumb","itemListElement":[{"@type":"ListItem","position":1,"name":"Home","item":"https:\/\/ciadelapraka.com\/fr\/"},{"@type":"ListItem","position":2,"name":"Agenda"}]},{"@type":"WebSite","@id":"https:\/\/ciadelapraka.com\/fr\/#website","url":"https:\/\/ciadelapraka.com\/fr\/","name":"Cia Dela Praka","description":"Circus &amp; Dance Company","potentialAction":[{"@type":"SearchAction","target":{"@type":"EntryPoint","urlTemplate":"https:\/\/ciadelapraka.com\/fr\/?s={search_term_string}"},"query-input":{"@type":"PropertyValueSpecification","valueRequired":true,"valueName":"search_term_string"}}],"inLanguage":"fr-FR"}]}},"_links":{"self":[{"href":"https:\/\/ciadelapraka.com\/fr\/wp-json\/wp\/v2\/pages\/1187","targetHints":{"allow":["GET"]}}],"collection":[{"href":"https:\/\/ciadelapraka.com\/fr\/wp-json\/wp\/v2\/pages"}],"about":[{"href":"https:\/\/ciadelapraka.com\/fr\/wp-json\/wp\/v2\/types\/page"}],"author":[{"embeddable":true,"href":"https:\/\/ciadelapraka.com\/fr\/wp-json\/wp\/v2\/users\/1"}],"replies":[{"embeddable":true,"href":"https:\/\/ciadelapraka.com\/fr\/wp-json\/wp\/v2\/comments?post=1187"}],"version-history":[{"count":19,"href":"https:\/\/ciadelapraka.com\/fr\/wp-json\/wp\/v2\/pages\/1187\/revisions"}],"predecessor-version":[{"id":4079,"href":"https:\/\/ciadelapraka.com\/fr\/wp-json\/wp\/v2\/pages\/1187\/revisions\/4079"}],"wp:attachment":[{"href":"https:\/\/ciadelapraka.com\/fr\/wp-json\/wp\/v2\/media?parent=1187"}],"curies":[{"name":"wp","href":"https:\/\/api.w.org\/{rel}","templated":true}]}}